{"id":402,"date":"2013-11-13T11:25:42","date_gmt":"2013-11-13T10:25:42","guid":{"rendered":"http:\/\/www.smhp.fr\/?page_id=402"},"modified":"2014-06-14T11:02:40","modified_gmt":"2014-06-14T10:02:40","slug":"jfm-80-surcharge-et-deficit-en-fer","status":"publish","type":"page","link":"http:\/\/www.smhp.fr\/?page_id=402","title":{"rendered":"JFM 80. Surcharge et d\u00e9ficit en fer"},"content":{"rendered":"<p><strong><a href=\"http:\/\/www.smhp.fr\/wp-content\/uploads\/2013\/11\/80-Prospectus.pdf\" target=\"_blank\">Prospectus<\/a><\/strong> de la journ\u00e9e<\/p>\n<p><strong><a href=\"http:\/\/www.smhp.fr\/wp-content\/uploads\/2014\/01\/80brochure.pdf\" target=\"_blank\">Brochure<\/a><\/strong> de la journ\u00e9e<\/p>\n<p><strong>Organisateur: Professeur Olivier ROSMORDUC<\/strong><br \/>\nSous la pr\u00e9sidence du Professeur Jean CABANE<br \/>\nSecr\u00e9taires G\u00e9n\u00e9raux : Martine GAYRAUD et Jean-Marc ZIZA<br \/>\nVendredi 17 Janvier 2014<\/p>\n<p>Avec le partenariat des laboratoires <strong>Vifor Farma<\/strong> et <strong>Novartis \u00a0Oncologie<\/strong><br \/>\n<img loading=\"lazy\" class=\"alignnone wp-image-734 size-full\" src=\"http:\/\/www.smhp.fr\/wp-content\/uploads\/2014\/01\/Logo-VP.jpg\" alt=\"Logo VP\" width=\"294\" height=\"49\" \/><a href=\"http:\/\/www.smhp.fr\/wp-content\/uploads\/2013\/12\/novartis-onco.jpg\"><img loading=\"lazy\" class=\"alignnone wp-image-721\" src=\"http:\/\/www.smhp.fr\/wp-content\/uploads\/2013\/12\/novartis-onco.jpg\" alt=\"novartis-onco\" width=\"297\" height=\"97\" srcset=\"http:\/\/www.smhp.fr\/wp-content\/uploads\/2013\/12\/novartis-onco.jpg 619w, http:\/\/www.smhp.fr\/wp-content\/uploads\/2013\/12\/novartis-onco-300x97.jpg 300w\" sizes=\"(max-width: 297px) 100vw, 297px\" \/><\/a><\/p>\n<p><strong>R\u00e9gulation du fer : aspects mol\u00e9culaires<\/strong><br \/>\nSophie Vaulon, ICGM Cochin Inserm, Paris<\/p>\n<p><strong>R\u00e9gulation du fer : aspects g\u00e9n\u00e9tiques<\/strong><br \/>\nClaude Ferec, CHU, Brest<\/p>\n<p><a href=\"http:\/\/www.smhp.fr\/wp-content\/uploads\/2014\/03\/80puy.pdf\" target=\"_blank\"><strong>M\u00e9tabolisme du fer : quels tests biochimiques en 2014 ?<\/strong><\/a><br \/>\nHerv\u00e9 Puy, Bichat, Paris<\/p>\n<p><a href=\"http:\/\/www.smhp.fr\/wp-content\/uploads\/2014\/03\/80brissot.pdf\" target=\"_blank\"><strong>H\u00e9mochromatose C282Y : Prise en charge en 2014<\/strong><\/a><br \/>\nPierre Brissot, CHU, Rennes<\/p>\n<p><a href=\"http:\/\/www.smhp.fr\/wp-content\/uploads\/2014\/03\/80Sogni.pdf\" target=\"_blank\"><strong>H\u00e9mochromatose li\u00e9e \u00e0 la ferroportine<\/strong><\/a><br \/>\nPhilippe Sogni, Cochin, Paris<\/p>\n<p><a href=\"http:\/\/www.smhp.fr\/wp-content\/uploads\/2014\/03\/80deugnier.pdf\" target=\"_blank\"><strong>H\u00e9patosid\u00e9rose dysm\u00e9tabolique : une maladie g\u00e9n\u00e9rale ?<\/strong><\/a><br \/>\nYves Deugnier, CHU, Rennes<\/p>\n<p><strong>S\u00e9ance solennelle<\/strong><br \/>\nConf\u00e9rence: Didier Sicard : \u201cJusqu\u2019o\u00f9 assister la fin de vie ?\u201d<\/p>\n<p><a href=\"http:\/\/www.smhp.fr\/wp-content\/uploads\/2014\/03\/80calmus.pdf\" target=\"_blank\"><strong>Transplantation h\u00e9patique et h\u00e9mochromatose<\/strong><\/a><br \/>\nYvon Calmus, Saint-Antoine, Paris<\/p>\n<p><a href=\"http:\/\/www.smhp.fr\/wp-content\/uploads\/2014\/03\/80galacteros.pdf\" target=\"_blank\"><strong>Surcharges en fer li\u00e9es \u00e0 une an\u00e9mie h\u00e9molytique<\/strong><\/a><br \/>\nFr\u00e9d\u00e9ric Galact\u00e9ros, Henri Mondor, Cr\u00e9teil<\/p>\n<p><a href=\"http:\/\/www.smhp.fr\/wp-content\/uploads\/2014\/03\/80beaumont.pdf\" target=\"_blank\"><strong>Carences martiales : m\u00e9canismes mol\u00e9culaires<\/strong><\/a><br \/>\nCarole Beaumont, Inserm Bichat, Paris<\/p>\n<p><a href=\"http:\/\/www.smhp.fr\/wp-content\/uploads\/2014\/03\/80rosmorduc2.pdf\" target=\"_blank\"><strong>Synth\u00e8se et Take Home Messages<\/strong><\/a><br \/>\nOlivier Rosmorduc, Saint-Antoine, Paris<\/p>\n","protected":false},"excerpt":{"rendered":"<p>Prospectus de la journ\u00e9e Brochure de la journ\u00e9e Organisateur: Professeur Olivier ROSMORDUC Sous la pr\u00e9sidence du Professeur Jean CABANE Secr\u00e9taires G\u00e9n\u00e9raux : Martine GAYRAUD et Jean-Marc ZIZA Vendredi 17 Janvier 2014 Avec le partenariat des laboratoires Vifor Farma et Novartis \u00a0Oncologie R\u00e9gulation du fer : aspects mol\u00e9culaires Sophie Vaulon, ICGM Cochin Inserm, Paris R\u00e9gulation du &hellip; <a href=\"http:\/\/www.smhp.fr\/?page_id=402\" class=\"more-link\">Continuer la lecture de <span class=\"screen-reader-text\">JFM 80. Surcharge et d\u00e9ficit en fer<\/span> <span class=\"meta-nav\">&rarr;<\/span><\/a><\/p>\n","protected":false},"author":2,"featured_media":0,"parent":400,"menu_order":1,"comment_status":"closed","ping_status":"closed","template":"","meta":[],"_links":{"self":[{"href":"http:\/\/www.smhp.fr\/index.php?rest_route=\/wp\/v2\/pages\/402"}],"collection":[{"href":"http:\/\/www.smhp.fr\/index.php?rest_route=\/wp\/v2\/pages"}],"about":[{"href":"http:\/\/www.smhp.fr\/index.php?rest_route=\/wp\/v2\/types\/page"}],"author":[{"embeddable":true,"href":"http:\/\/www.smhp.fr\/index.php?rest_route=\/wp\/v2\/users\/2"}],"replies":[{"embeddable":true,"href":"http:\/\/www.smhp.fr\/index.php?rest_route=%2Fwp%2Fv2%2Fcomments&post=402"}],"version-history":[{"count":32,"href":"http:\/\/www.smhp.fr\/index.php?rest_route=\/wp\/v2\/pages\/402\/revisions"}],"predecessor-version":[{"id":973,"href":"http:\/\/www.smhp.fr\/index.php?rest_route=\/wp\/v2\/pages\/402\/revisions\/973"}],"up":[{"embeddable":true,"href":"http:\/\/www.smhp.fr\/index.php?rest_route=\/wp\/v2\/pages\/400"}],"wp:attachment":[{"href":"http:\/\/www.smhp.fr\/index.php?rest_route=%2Fwp%2Fv2%2Fmedia&parent=402"}],"curies":[{"name":"wp","href":"https:\/\/api.w.org\/{rel}","templated":true}]}}