{"id":393,"date":"2013-11-12T16:10:57","date_gmt":"2013-11-12T15:10:57","guid":{"rendered":"http:\/\/www.smhp.fr\/?page_id=393"},"modified":"2017-11-19T12:03:56","modified_gmt":"2017-11-19T11:03:56","slug":"liens-externes","status":"publish","type":"page","link":"http:\/\/www.smhp.fr\/?page_id=393","title":{"rendered":"Liens externes"},"content":{"rendered":"<p style=\"text-align: left;\"><strong><a href=\"http:\/\/www.smhp.fr\/wp-content\/uploads\/2013\/11\/3_vignette_actu.jpg\"><img loading=\"lazy\" class=\"size-full wp-image-649\" src=\"http:\/\/www.smhp.fr\/wp-content\/uploads\/2013\/11\/3_vignette_actu.jpg\" alt=\"3_vignette_actu\" width=\"110\" height=\"41\" \/><\/a>\u00a0 \u00a0\u00a0<\/strong><strong><a href=\"http:\/\/www.ecole-valdegrace.sante.defense.gouv.fr\/l-ecole\" target=\"_blank\" rel=\"noopener\">L&rsquo;\u00e9cole du Val-de-Gr\u00e2ce<\/a><\/strong> nous accueille pour nos Journ\u00e9es Fran\u00e7aises de M\u00e9decine. <strong><a href=\"http:\/\/www.ecole-valdegrace.sante.defense.gouv.fr\/l-ecole\/informations-pratiques\/acces-a-l-ecole2\" target=\"_blank\" rel=\"noopener\">Pl<strong>an<\/strong> d&rsquo;acc\u00e8s<\/a><\/strong><\/p>\n<p style=\"text-align: left;\">Soci\u00e9t\u00e9 Nationale Fran\u00e7aise de M\u00e9decine Interne :\u00a0<strong><a href=\"http:\/\/www.snfmi.org\/\" target=\"_blank\" rel=\"noopener\">SNFMI<\/a><\/strong><\/p>\n<p style=\"text-align: left;\"><a href=\"http:\/\/www.smhp.fr\/wp-content\/uploads\/2014\/10\/logoCFEV.jpg\"><img loading=\"lazy\" class=\"alignnone wp-image-1015\" src=\"http:\/\/www.smhp.fr\/wp-content\/uploads\/2014\/10\/logoCFEV.jpg\" alt=\"logoCFEV\" width=\"109\" height=\"74\" \/><\/a>\u00a0 \u00a0Groupement Fran\u00e7ais d&rsquo;Etude des Vascularites\u00a0: <strong><a href=\"http:\/\/www.vascularites.org\/\" target=\"_blank\" rel=\"noopener\">GFEV<\/a><\/strong><\/p>\n<p style=\"text-align: left;\"><strong><a href=\"http:\/\/internistes.org\/\" target=\"_blank\" rel=\"noopener\">Amicale des jeunes internistes<\/a><\/strong><\/p>\n<p style=\"text-align: left;\">Cours du <strong><a href=\"https:\/\/moodle.medecine.parisdescartes.fr\/course\/view.php?id=134\" target=\"_blank\" rel=\"noopener\">DES de m\u00e9decine interne Ile-de-France<\/a><\/strong><\/p>\n","protected":false},"excerpt":{"rendered":"<p>\u00a0 \u00a0\u00a0L&rsquo;\u00e9cole du Val-de-Gr\u00e2ce nous accueille pour nos Journ\u00e9es Fran\u00e7aises de M\u00e9decine. Plan d&rsquo;acc\u00e8s Soci\u00e9t\u00e9 Nationale Fran\u00e7aise de M\u00e9decine Interne :\u00a0SNFMI \u00a0 \u00a0Groupement Fran\u00e7ais d&rsquo;Etude des Vascularites\u00a0: GFEV Amicale des jeunes internistes Cours du DES de m\u00e9decine interne Ile-de-France<\/p>\n","protected":false},"author":2,"featured_media":0,"parent":0,"menu_order":8,"comment_status":"closed","ping_status":"closed","template":"","meta":[],"_links":{"self":[{"href":"http:\/\/www.smhp.fr\/index.php?rest_route=\/wp\/v2\/pages\/393"}],"collection":[{"href":"http:\/\/www.smhp.fr\/index.php?rest_route=\/wp\/v2\/pages"}],"about":[{"href":"http:\/\/www.smhp.fr\/index.php?rest_route=\/wp\/v2\/types\/page"}],"author":[{"embeddable":true,"href":"http:\/\/www.smhp.fr\/index.php?rest_route=\/wp\/v2\/users\/2"}],"replies":[{"embeddable":true,"href":"http:\/\/www.smhp.fr\/index.php?rest_route=%2Fwp%2Fv2%2Fcomments&post=393"}],"version-history":[{"count":21,"href":"http:\/\/www.smhp.fr\/index.php?rest_route=\/wp\/v2\/pages\/393\/revisions"}],"predecessor-version":[{"id":1336,"href":"http:\/\/www.smhp.fr\/index.php?rest_route=\/wp\/v2\/pages\/393\/revisions\/1336"}],"wp:attachment":[{"href":"http:\/\/www.smhp.fr\/index.php?rest_route=%2Fwp%2Fv2%2Fmedia&parent=393"}],"curies":[{"name":"wp","href":"https:\/\/api.w.org\/{rel}","templated":true}]}}