{"id":1668,"date":"2020-12-21T08:59:54","date_gmt":"2020-12-21T07:59:54","guid":{"rendered":"http:\/\/www.smhp.fr\/?page_id=1668"},"modified":"2021-05-27T15:11:49","modified_gmt":"2021-05-27T14:11:49","slug":"jfm-105-vascularites-systemiques","status":"publish","type":"page","link":"http:\/\/www.smhp.fr\/?page_id=1668","title":{"rendered":"JFM 105. Vascularites syst\u00e9miques"},"content":{"rendered":"\n<p><a rel=\"noreferrer noopener\" aria-label=\"Programme (s\u2019ouvre dans un nouvel onglet)\" href=\"http:\/\/www.smhp.fr\/wp-content\/uploads\/2020\/12\/2021-01-25prospectus.pdf\" target=\"_blank\"><strong>Programme<\/strong><\/a><\/p>\n\n\n\n<p>\u00ab Classification des vascularites \u00bb &#8211; Pr Xavier PUECHAL<\/p>\n\n\n\n<p><iframe title=\"Classification des vascularites - Pr X. PUECHAL\" width=\"604\" height=\"340\" src=\"https:\/\/www.youtube.com\/embed\/dfhQHxaE1bU?feature=oembed\" frameborder=\"0\" allow=\"accelerometer; autoplay; clipboard-write; encrypted-media; gyroscope; picture-in-picture\" allowfullscreen><\/iframe><\/p>\n\n\n\n<p><\/p>\n\n\n\n<p>\u00ab Histoire des vascularites \u00bb \u2013 Pr Lo\u00efc GUILLEVIN<\/p>\n\n\n\n<p><iframe title=\"Histoire des Vascularites N\u00e9crosantes\" width=\"604\" height=\"340\" src=\"https:\/\/www.youtube.com\/embed\/39MdS33uJGI?feature=oembed\" frameborder=\"0\" allow=\"accelerometer; autoplay; clipboard-write; encrypted-media; gyroscope; picture-in-picture\" allowfullscreen><\/iframe><\/p>\n\n\n\n<p><\/p>\n\n\n\n<p>\u00ab Avanc\u00e9es dans la pathog\u00e9nie des vascularites n\u00e9crosantes \u00bb \u2013 Pr Benjamin TERRIER<\/p>\n\n\n\n<p><iframe title=\"Avanc\u00e9es dans la pathog\u00e9nie des vascularites n\u00e9crosantes \u2013 Pr B. TERRIER\" width=\"604\" height=\"340\" src=\"https:\/\/www.youtube.com\/embed\/KSUTxF0fH7o?feature=oembed\" frameborder=\"0\" allow=\"accelerometer; autoplay; clipboard-write; encrypted-media; gyroscope; picture-in-picture\" allowfullscreen><\/iframe><\/p>\n\n\n\n<p><\/p>\n\n\n\n<p>\u00ab Traitement d\u2019entretient des vascularites li\u00e9es aux ANCA \u00bb \u2013 Pr Lo\u00efc GUILLEVIN<\/p>\n\n\n\n<p><iframe title=\"Traitement d\u2019entretient des vascularites li\u00e9es aux ANCA \u2013 Pr L. GUILLEVIN\" width=\"604\" height=\"340\" src=\"https:\/\/www.youtube.com\/embed\/QvWEMHkfeXc?feature=oembed\" frameborder=\"0\" allow=\"accelerometer; autoplay; clipboard-write; encrypted-media; gyroscope; picture-in-picture\" allowfullscreen><\/iframe><\/p>\n\n\n\n<p><\/p>\n\n\n\n<p>\u00ab Granulomatose \u00e9osinophilique avec polyang\u00e9ite : perpectives th\u00e9rapeutiques \u00bb \u2013 Pr Camille TAILLE<\/p>\n\n\n\n<p><iframe title=\"Granulomatose \u00e9osinophilique avec polyang\u00e9ite : perpesctives th\u00e9rapeutiques \u2013 Pr C. TAILLE\" width=\"604\" height=\"340\" src=\"https:\/\/www.youtube.com\/embed\/gF7c8kn2FzE?feature=oembed\" frameborder=\"0\" allow=\"accelerometer; autoplay; clipboard-write; encrypted-media; gyroscope; picture-in-picture\" allowfullscreen><\/iframe><\/p>\n\n\n\n<p><\/p>\n\n\n\n<p>\u00ab Pathog\u00e9nie de l\u2019art\u00e9rite \u00e0 cellules g\u00e9antes \u00bb &#8211; Dr Maxime SAMSON<\/p>\n\n\n\n<p><iframe title=\"\u00ab Pathog\u00e9nie de l\u2019art\u00e8re \u00e0 cellule g\u00e9ante \u00bb Dr Maxime Samson\" width=\"604\" height=\"340\" src=\"https:\/\/www.youtube.com\/embed\/T0jLSziINpg?feature=oembed\" frameborder=\"0\" allow=\"accelerometer; autoplay; clipboard-write; encrypted-media; gyroscope; picture-in-picture\" allowfullscreen><\/iframe><\/p>\n\n\n\n<p><\/p>\n\n\n\n<p>\u00ab Mise au point sur le diagnostique de l\u2019art\u00e9rite \u00e0 cellules g\u00e9antes et son traitement \u00bb \u2013 Pr Daniel BLOCKMANS<\/p>\n\n\n\n<p><iframe title=\"\u00ab Mise au point sur le diagnostique de l\u2019art\u00e9rite \u00e0 cellule g\u00e9ante et son traitement \u00bb Pr BLOCKMANS\" width=\"604\" height=\"340\" src=\"https:\/\/www.youtube.com\/embed\/W55rgvdJZPA?feature=oembed\" frameborder=\"0\" allow=\"accelerometer; autoplay; clipboard-write; encrypted-media; gyroscope; picture-in-picture\" allowfullscreen><\/iframe><\/p>\n\n\n\n<p><\/p>\n\n\n\n<p>\u00ab Maladie de Takayasu : imagerie et diagnostic \u00bb -Dr Tristan MIRAULT<\/p>\n\n\n\n<p><iframe title=\"\u00ab Maladie de Takayasu : imagerie et diagnostic \u00bb Dr Tristan Mirault\" width=\"604\" height=\"453\" src=\"https:\/\/www.youtube.com\/embed\/F1Cd6xukr8s?feature=oembed\" frameborder=\"0\" allow=\"accelerometer; autoplay; clipboard-write; encrypted-media; gyroscope; picture-in-picture\" allowfullscreen><\/iframe><\/p>\n\n\n\n<p><\/p>\n\n\n\n<p>\u00ab Aortites et p\u00e9riaortites\u00bb \u2013 Dr Alexis REGENT<\/p>\n\n\n\n<p><iframe title=\"\u00ab Aortites et p\u00e9riaortites \u00bb \u2013 Dr Alexis REGENT\" width=\"604\" height=\"340\" src=\"https:\/\/www.youtube.com\/embed\/3dy9NYIRAT4?feature=oembed\" frameborder=\"0\" allow=\"accelerometer; autoplay; clipboard-write; encrypted-media; gyroscope; picture-in-picture\" allowfullscreen><\/iframe><\/p>\n","protected":false},"excerpt":{"rendered":"<p>Programme \u00ab Classification des vascularites \u00bb &#8211; Pr Xavier PUECHAL \u00ab Histoire des vascularites \u00bb \u2013 Pr Lo\u00efc GUILLEVIN \u00ab Avanc\u00e9es dans la pathog\u00e9nie des vascularites n\u00e9crosantes \u00bb \u2013 Pr Benjamin TERRIER \u00ab Traitement d\u2019entretient des vascularites li\u00e9es aux ANCA \u00bb \u2013 Pr Lo\u00efc GUILLEVIN \u00ab Granulomatose \u00e9osinophilique avec polyang\u00e9ite : perpectives th\u00e9rapeutiques \u00bb \u2013 &hellip; <a href=\"http:\/\/www.smhp.fr\/?page_id=1668\" class=\"more-link\">Continuer la lecture de <span class=\"screen-reader-text\">JFM 105. Vascularites syst\u00e9miques<\/span> <span class=\"meta-nav\">&rarr;<\/span><\/a><\/p>\n","protected":false},"author":2,"featured_media":0,"parent":1666,"menu_order":1,"comment_status":"closed","ping_status":"closed","template":"","meta":[],"_links":{"self":[{"href":"http:\/\/www.smhp.fr\/index.php?rest_route=\/wp\/v2\/pages\/1668"}],"collection":[{"href":"http:\/\/www.smhp.fr\/index.php?rest_route=\/wp\/v2\/pages"}],"about":[{"href":"http:\/\/www.smhp.fr\/index.php?rest_route=\/wp\/v2\/types\/page"}],"author":[{"embeddable":true,"href":"http:\/\/www.smhp.fr\/index.php?rest_route=\/wp\/v2\/users\/2"}],"replies":[{"embeddable":true,"href":"http:\/\/www.smhp.fr\/index.php?rest_route=%2Fwp%2Fv2%2Fcomments&post=1668"}],"version-history":[{"count":7,"href":"http:\/\/www.smhp.fr\/index.php?rest_route=\/wp\/v2\/pages\/1668\/revisions"}],"predecessor-version":[{"id":1704,"href":"http:\/\/www.smhp.fr\/index.php?rest_route=\/wp\/v2\/pages\/1668\/revisions\/1704"}],"up":[{"embeddable":true,"href":"http:\/\/www.smhp.fr\/index.php?rest_route=\/wp\/v2\/pages\/1666"}],"wp:attachment":[{"href":"http:\/\/www.smhp.fr\/index.php?rest_route=%2Fwp%2Fv2%2Fmedia&parent=1668"}],"curies":[{"name":"wp","href":"https:\/\/api.w.org\/{rel}","templated":true}]}}